{"id":5262,"date":"2018-01-24T09:38:13","date_gmt":"2018-01-24T09:38:13","guid":{"rendered":"http:\/\/horse.themestek.com\/?page_id=5"},"modified":"2022-09-28T13:34:15","modified_gmt":"2022-09-28T13:34:15","slug":"homepage-1","status":"publish","type":"page","link":"https:\/\/oculistadeluca.com\/","title":{"rendered":"Homepage"},"content":{"rendered":"<p>[vc_row ts_bgcolor=&#8221;grey&#8221; full_width=&#8221;stretch_row&#8221; css=&#8221;.vc_custom_1524308732616{padding-top: 0px !important;padding-bottom: 30px !important;}&#8221;][vc_column][vc_row_inner ts_bgcolor=&#8221;white&#8221; equal_height=&#8221;yes&#8221; el_class=&#8221;box-shadow-2 ts-no-gutter ts-box-seprator&#8221; css=&#8221;.vc_custom_1638889848445{margin-top: -58px !important;}&#8221; ts_responsive_css=&#8221;17234251|colbreak_no|||||||||colbreak_no|||||||||colbreak_no|0|||||||||colbreak_no|||||||||&#8221; el_id=&#8221;visita&#8221;][vc_column_inner width=&#8221;1\/4&#8243;]\n<div class=\"ts-servicebox ts-servicebox-style-1 ts-sbox-style-1 ts-sbox-itype-icon ts-sbox-hoverstyle-1\">\n\n\t<div class=\"ts-sbox-icon ts-large-icon ts-icon-skincolor\">\n\t\t<div class=\"ts-sbox-icon-wrapper\"><i class=\"tsoptmicon flaticon-glasses\"><\/i><\/div>\t<\/div>\n\n\t<div class=\"ts-sbox-contents\">\n\t\t<div class=\"ts-vc_general ts-vc_cta3 ts-cta3-only ts-vc_cta3-style-classic ts-vc_cta3-shape-rounded ts-vc_cta3-align-left ts-vc_cta3-color-transparent ts-vc_cta3-icon-size-md ts-vc_cta3-actions-bottom ts-cta3-with-desc\"><div class=\"ts-vc_cta3_content-container\"><div class=\"ts-vc_cta3-content\"><div class=\"ts-vc_cta3-content-header ts-wrap\"><div class=\"ts-vc_cta3-headers ts-wrap-cell\"><h2 class=\"ts-custom-heading \"><a href=\"#visita\">Visita oculistica<\/a><\/h2>\n<\/div><\/div><div class=\"ts-cta3-content-wrapper\"><p>Lo studio medico \u00e8 un ambiente riservato e tranquillo dove ogni paziente si sente accolto e coccolato da un team di veri e propri esperti del settore oculistico.<\/p><\/div><\/div><div class=\"ts-vc_cta3-actions\">\n\t\t<div class=\"ts-vc_btn3-container ts-vc_btn3-inline\"><a class=\"ts-vc_general ts-vc_btn3 ts-vc_btn3-size-md ts-vc_btn3-shape-rounded ts-vc_btn3-style-text ts-vc_btn3-weight-yes ts-vc_btn3-color-skincolor\" href=\"#visita\" title=\"info\">info<\/a><\/div><\/div><\/div><\/div>\t<\/div><!-- .ts-sbox-contents -->\n\n<\/div>\n\n[\/vc_column_inner][vc_column_inner width=&#8221;1\/4&#8243;]\n<div class=\"ts-servicebox ts-servicebox-style-1 ts-sbox-style-1 ts-sbox-itype-icon ts-sbox-hoverstyle-1\">\n\n\t<div class=\"ts-sbox-icon ts-large-icon ts-icon-skincolor\">\n\t\t<div class=\"ts-sbox-icon-wrapper\"><i class=\"tsoptmicon flaticon-contact-lens-3\"><\/i><\/div>\t<\/div>\n\n\t<div class=\"ts-sbox-contents\">\n\t\t<div class=\"ts-vc_general ts-vc_cta3 ts-cta3-only ts-vc_cta3-style-classic ts-vc_cta3-shape-rounded ts-vc_cta3-align-left ts-vc_cta3-color-transparent ts-vc_cta3-icon-size-md ts-vc_cta3-actions-bottom ts-cta3-with-desc\"><div class=\"ts-vc_cta3_content-container\"><div class=\"ts-vc_cta3-content\"><div class=\"ts-vc_cta3-content-header ts-wrap\"><div class=\"ts-vc_cta3-headers ts-wrap-cell\"><h2 class=\"ts-custom-heading \"><a href=\"#cate\">Cataratta<\/a><\/h2>\n<\/div><\/div><div class=\"ts-cta3-content-wrapper\"><p>Il Dottor De Luca esegue oltre 500 interventi di cataratta l\u2019anno.<br \/>\nSe pensi di avere questo disturbo da noi \u00e8 possibile risolverlo in tempi brevi.<\/p><\/div><\/div><div class=\"ts-vc_cta3-actions\">\n\t\t<div class=\"ts-vc_btn3-container ts-vc_btn3-inline\"><a class=\"ts-vc_general ts-vc_btn3 ts-vc_btn3-size-md ts-vc_btn3-shape-rounded ts-vc_btn3-style-text ts-vc_btn3-weight-yes ts-vc_btn3-color-skincolor\" href=\"#cata\" title=\"\">info<\/a><\/div><\/div><\/div><\/div>\t<\/div><!-- .ts-sbox-contents -->\n\n<\/div>\n\n[\/vc_column_inner][vc_column_inner width=&#8221;1\/4&#8243;]\n<div class=\"ts-servicebox ts-servicebox-style-1 ts-sbox-style-1 ts-sbox-itype-icon ts-sbox-hoverstyle-1\">\n\n\t<div class=\"ts-sbox-icon ts-large-icon ts-icon-skincolor\">\n\t\t<div class=\"ts-sbox-icon-wrapper\"><i class=\"tsoptmicon flaticon-eye\"><\/i><\/div>\t<\/div>\n\n\t<div class=\"ts-sbox-contents\">\n\t\t<div class=\"ts-vc_general ts-vc_cta3 ts-cta3-only ts-vc_cta3-style-classic ts-vc_cta3-shape-rounded ts-vc_cta3-align-left ts-vc_cta3-color-transparent ts-vc_cta3-icon-size-md ts-vc_cta3-actions-bottom ts-cta3-with-desc\"><div class=\"ts-vc_cta3_content-container\"><div class=\"ts-vc_cta3-content\"><div class=\"ts-vc_cta3-content-header ts-wrap\"><div class=\"ts-vc_cta3-headers ts-wrap-cell\"><h2 class=\"ts-custom-heading \"><a href=\"#inter\">Interventi<\/a><\/h2>\n<\/div><\/div><div class=\"ts-cta3-content-wrapper\"><p>FEMTO LASER, LASER A ECCIMERI, YAG LASER, ARGON LASER, CHIRURGIA PALPEBRALE, CHIRURGIA GLAUCOMA, VITRECTOMIA<\/p><\/div><\/div><div class=\"ts-vc_cta3-actions\">\n\t\t<div class=\"ts-vc_btn3-container ts-vc_btn3-inline\"><a class=\"ts-vc_general ts-vc_btn3 ts-vc_btn3-size-md ts-vc_btn3-shape-rounded ts-vc_btn3-style-text ts-vc_btn3-weight-yes ts-vc_btn3-color-skincolor\" href=\"#interventi\" title=\"\">info<\/a><\/div><\/div><\/div><\/div>\t<\/div><!-- .ts-sbox-contents -->\n\n<\/div>\n\n[\/vc_column_inner][vc_column_inner width=&#8221;1\/4&#8243;]\n<div class=\"ts-servicebox ts-servicebox-style-1 ts-sbox-style-1 ts-sbox-itype-icon ts-sbox-hoverstyle-1\">\n\n\t<div class=\"ts-sbox-icon ts-large-icon ts-icon-skincolor\">\n\t\t<div class=\"ts-sbox-icon-wrapper\"><i class=\"tsoptmicon flaticon-ophthalmologist-1\"><\/i><\/div>\t<\/div>\n\n\t<div class=\"ts-sbox-contents\">\n\t\t<div class=\"ts-vc_general ts-vc_cta3 ts-cta3-only ts-vc_cta3-style-classic ts-vc_cta3-shape-rounded ts-vc_cta3-align-left ts-vc_cta3-color-transparent ts-vc_cta3-icon-size-md ts-vc_cta3-actions-bottom ts-cta3-with-desc\"><div class=\"ts-vc_cta3_content-container\"><div class=\"ts-vc_cta3-content\"><div class=\"ts-vc_cta3-content-header ts-wrap\"><div class=\"ts-vc_cta3-headers ts-wrap-cell\"><h2 class=\"ts-custom-heading \"><a href=\"#conv\">Convenzioni<\/a><\/h2>\n<\/div><\/div><div class=\"ts-cta3-content-wrapper\"><p>Il Dottor Antonio De Luca opera nelle Cliniche Convenzionate con<br \/>\n\u2022 Sistema Sanitario Nazionale<br \/>\n\u2022 Mutue<br \/>\n\u2022 Assicurazioni<\/p><\/div><\/div><div class=\"ts-vc_cta3-actions\">\n\t\t<div class=\"ts-vc_btn3-container ts-vc_btn3-inline\"><a class=\"ts-vc_general ts-vc_btn3 ts-vc_btn3-size-md ts-vc_btn3-shape-rounded ts-vc_btn3-style-text ts-vc_btn3-weight-yes ts-vc_btn3-color-skincolor\" href=\"#conv\" title=\"\">info<\/a><\/div><\/div><\/div><\/div>\t<\/div><!-- .ts-sbox-contents -->\n\n<\/div>\n\n[\/vc_column_inner][\/vc_row_inner][\/vc_column][\/vc_row][vc_row ts_bgcolor=&#8221;grey&#8221; full_width=&#8221;stretch_row&#8221; css=&#8221;.vc_custom_1526988745660{padding-top: 25px !important;padding-bottom: 0px !important;}&#8221; ts_responsive_css=&#8221;97835313|colbreak_no|||||||||colbreak_no|||||||||colbreak_no||||||||||colbreak_no|||||||||&#8221;][vc_column width=&#8221;1\/2&#8243;][vc_single_image image=&#8221;5486&#8243; img_size=&#8221;full&#8221; css=&#8221;.vc_custom_1621603340720{margin-bottom: 0px !important;}&#8221;][\/vc_column][vc_column width=&#8221;1\/2&#8243; css=&#8221;.vc_custom_1527068636634{padding-top: 75px !important;}&#8221; ts_responsive_css=&#8221;30016854|colbreak_no|||||||||colbreak_no|||||||||colbreak_no|||30|||||||colbreak_no|||||||||&#8221;]<div class=\"ts-element-heading-wrapper ts-heading-inner ts-element-align-left ts-seperator-none \"><section class=\"ts-vc_cta3-container\"><div class=\"ts-vc_general ts-vc_cta3 ts-cta3-only ts-vc_cta3-style-classic ts-vc_cta3-shape-rounded ts-vc_cta3-align-left ts-vc_cta3-color-transparent ts-vc_cta3-icon-size-md ts-vc_cta3-actions-no ts-cta3-without-desc\"><div class=\"ts-vc_cta3_content-container\"><div class=\"ts-vc_cta3-content\"><div class=\"ts-vc_cta3-content-header ts-wrap\"><div class=\"ts-vc_cta3-headers ts-wrap-cell\"><h4 class=\"ts-custom-heading \" >a Biella<\/h4>\n<h2 class=\"ts-custom-heading \" >SPECIALISTA NELLE <strong>CURE OFTALMICHE<\/strong><\/h2>\n<\/div><\/div><\/div><\/div><\/div><\/section><\/div> <!-- .ts-element-heading-wrapper container --> [vc_column_text]Il tuo oculista di fiducia a Biella<br \/>\nIl Dottor\u00a0 <strong>Antonio De Luca<\/strong> \u00e8 un noto ed apprezzato medico chirurgo specializzato in oftalmologia che ha conseguito la laurea in Medicina e Chirurgia con 110 e lode nel 1984. Dopo la specialistica all&#8217;Universit\u00e0 degli Studi di Roma La Sapienza, ha prestato servizio come ufficiale medico in Aeronautica Militare, acquisendo una notevole esperienza sul campo. Tra le collaborazioni di maggior prestigio si annovera quella con il Dott Philippe Crozafon, noto luminare del settore oculistico di fama mondiale e l&#8217;attivit\u00e0 sul campo in numerose cliniche del nord Italia.<br \/>\nL&#8217;ampio e variegato bagaglio di competenze acquisite negli anni hanno reso il professore un vero e proprio esperto delle problematiche oculistiche e, grazie alla collaborazione di un team di eccellenza, eroga cure di altissimo livello. In sede si utilizzano inoltre macchinari moderni e sofisticati che permettono di eseguire misurazioni accurate e di elaborare diagnosi affidabili.<br \/>\nPer maggiori dettagli sulle attivit\u00e0 del centro o per prenotare una visita di controllo, chiama e fissa un appuntamento.[\/vc_column_text][vc_empty_space height=&#8221;10px&#8221;][vc_row_inner el_class=&#8221;ts-col-auto&#8221;][vc_column_inner width=&#8221;1\/2&#8243;][vc_single_image image=&#8221;5214&#8243; img_size=&#8221;full&#8221;][\/vc_column_inner][vc_column_inner width=&#8221;1\/2&#8243;]<h6 style=\"text-align:left;font-size:15px;line-height:25px;\" class=\"ts-custom-heading vc_custom_1621267141334\" >Antonio De Luca<\/h6>\n<h6 style=\"text-align:left;font-size:13px;line-height:23px;color:#7f7f7f;\" class=\"ts-custom-heading vc_custom_1621267173637\" >Medico Chirurgo, specialista in Oftalmologia<\/h6>\n[\/vc_column_inner][\/vc_row_inner][vc_empty_space height=&#8221;132px&#8221;][\/vc_column][\/vc_row][vc_row ts_bgcolor=&#8221;skincolor&#8221; full_width=&#8221;stretch_row&#8221; css=&#8221;.vc_custom_1642773526259{margin-top: -110px !important;padding-top: 130px !important;background-image: url(https:\/\/oculistadeluca.com\/wp-content\/uploads\/2021\/05\/DSC_8243.jpg?id=5527) !important;background-position: center !important;background-repeat: no-repeat !important;background-size: cover !important;}&#8221; ts_responsive_css=&#8221;58931005|colbreak_no|||||||||colbreak_yes|70||||70||||colbreak_no||||||||||colbreak_no|||||||||&#8221; el_id=&#8221;visita&#8221;][vc_column width=&#8221;1\/2&#8243;][vc_row_inner el_class=&#8221;ts-col-auto&#8221;][vc_column_inner width=&#8221;1\/2&#8243;][\/vc_column_inner][vc_column_inner width=&#8221;1\/2&#8243;][\/vc_column_inner][\/vc_row_inner]<div class=\"ts-element-heading-wrapper ts-heading-inner ts-element-align-left ts-seperator-none \"><section class=\"ts-vc_cta3-container\"><div class=\"ts-vc_general ts-vc_cta3 ts-cta3-only ts-vc_cta3-style-classic ts-vc_cta3-shape-rounded ts-vc_cta3-align-left ts-vc_cta3-color-transparent ts-vc_cta3-icon-size-md ts-vc_cta3-actions-no ts-cta3-without-desc\"><div class=\"ts-vc_cta3_content-container\"><div class=\"ts-vc_cta3-content\"><div class=\"ts-vc_cta3-content-header ts-wrap\"><div class=\"ts-vc_cta3-headers ts-wrap-cell\"><h4 class=\"ts-custom-heading \" >WHY CHOOSE US<\/h4>\n<h2 class=\"ts-custom-heading \" >La visita<strong> OCULISTICA<\/strong><\/h2>\n<\/div><\/div><\/div><\/div><\/div><\/section><\/div> <!-- .ts-element-heading-wrapper container --> [vc_column_text]<strong>IN QUESTO STUDIO OGNI NOSTRO PAZIENTE E&#8217; UNA PERSONA<\/strong>[\/vc_column_text][\/vc_column][vc_column width=&#8221;1\/2&#8243;][vc_row_inner css=&#8221;.vc_custom_1527054778594{margin-top: 50px !important;}&#8221; el_class=&#8221;ts-colum-col-4-767&#8243;][vc_column_inner css=&#8221;.vc_custom_1527054751035{padding-right: 25px !important;padding-left: 25px !important;}&#8221;][vc_column_text]Lo studio medico \u00e8 un ambiente riservato e tranquillo dove ogni paziente si sente accolto e coccolato da un team di veri e propri esperti del settore oculistico.<br \/>\nOgni persona merita cure e attenzioni speciali, personalizzate in base al tipo di problematica da trattare e al trattamento da effettuare.<br \/>\nTutti gli ambienti di lavoro sono opportunamente sterilizzati, nonch\u00e8 gli strumenti impiegati durante le sedute per assicurare la massima sicurezza e affidabilit\u00e0.[\/vc_column_text][\/vc_column_inner][\/vc_row_inner][\/vc_column][\/vc_row][vc_row equal_height=&#8221;yes&#8221; el_class=&#8221;ts-overlap-row-section&#8221; css=&#8221;.vc_custom_1643646497285{padding-bottom: 0px !important;}&#8221; ts_responsive_css=&#8221;79157701|colbreak_no|||||||||colbreak_yes|||||||||colbreak_no|||||||||900|colbreak_yes|||||||||&#8221; el_id=&#8221;esami&#8221;][vc_column width=&#8221;1\/2&#8243; css=&#8221;.vc_custom_1525511919249{margin-top: 22px !important;}&#8221;][vc_single_image image=&#8221;5622&#8243; img_size=&#8221;large&#8221; css=&#8221;.vc_custom_1643646360350{margin-bottom: 0px !important;}&#8221; el_class=&#8221;imagebox-shadow&#8221;][\/vc_column][vc_column width=&#8221;1\/2&#8243; ts_responsive_css=&#8221;24544611|colbreak_yes|||||||||colbreak_yes|||1px||||||colbreak_no||||||||||colbreak_no|||||||||&#8221;]<div class=\"ts-element-heading-wrapper ts-heading-inner ts-element-align-left ts-seperator-none  vc_custom_1643646265183\"><section class=\"ts-vc_cta3-container\"><div class=\"ts-vc_general ts-vc_cta3 ts-cta3-only ts-vc_cta3-style-classic ts-vc_cta3-shape-rounded ts-vc_cta3-align-left ts-vc_cta3-color-transparent ts-vc_cta3-icon-size-md ts-vc_cta3-actions-no ts-cta3-without-desc\"><div class=\"ts-vc_cta3_content-container\"><div class=\"ts-vc_cta3-content\"><div class=\"ts-vc_cta3-content-header ts-wrap\"><div class=\"ts-vc_cta3-headers ts-wrap-cell\"><h4 class=\"ts-custom-heading \" >YOUR VISION IS OUR VISION<\/h4>\n<h2 class=\"ts-custom-heading \" >Esami <strong> STRUMENTALI<\/strong><\/h2>\n<\/div><\/div><\/div><\/div><\/div><\/section><\/div> <!-- .ts-element-heading-wrapper container --> [vc_row_inner][vc_column_inner][vc_column_text]<\/p>\n<ul>\n<li><strong>Campo Visivo<\/strong> per rinnovo Patente, controllo del Glaucoma, problemi Neurologici<\/li>\n<li><strong>Esame dell\u2019endotelio corneale<\/strong> pre Chirurgia<\/li>\n<li><strong>Pachimetria<\/strong> valutazione spessore corneale pre Chirurgia Refrattiva<\/li>\n<li><strong>Biometria<\/strong> per il calcolo del cristallino artificiale pre Chirurgia Cataratta<\/li>\n<li><strong>OCT -Tomografia Ottica Corneale<\/strong> &#8211; patologie della Macula, Retina e Nervo Ottico<\/li>\n<\/ul>\n<p>[\/vc_column_text][\/vc_column_inner][\/vc_row_inner][vc_empty_space height=&#8221;105px&#8221; el_class=&#8221;ts-height-auto-991&#8243;][\/vc_column][\/vc_row][vc_row el_id=&#8221;cata&#8221;][vc_column][\/vc_column][\/vc_row][vc_row equal_height=&#8221;yes&#8221; el_class=&#8221;ts-overlap-row-section&#8221; css=&#8221;.vc_custom_1643127903475{padding-bottom: 0px !important;}&#8221; ts_responsive_css=&#8221;79157701|colbreak_no|||||||||colbreak_yes|||||||||colbreak_no|||||||||900|colbreak_yes|||||||||&#8221;][vc_column width=&#8221;1\/2&#8243; css=&#8221;.vc_custom_1525511919249{margin-top: 22px !important;}&#8221;]<div class=\"ts-element-heading-wrapper ts-heading-inner ts-element-align-left ts-seperator-none  vc_custom_1643645537356\"><section class=\"ts-vc_cta3-container\"><div class=\"ts-vc_general ts-vc_cta3 ts-cta3-only ts-vc_cta3-style-classic ts-vc_cta3-shape-rounded ts-vc_cta3-align-left ts-vc_cta3-color-transparent ts-vc_cta3-icon-size-md ts-vc_cta3-actions-no ts-cta3-with-desc\"><div class=\"ts-vc_cta3_content-container\"><div class=\"ts-vc_cta3-content\"><div class=\"ts-vc_cta3-content-header ts-wrap\"><div class=\"ts-vc_cta3-headers ts-wrap-cell\"><h4 class=\"ts-custom-heading \" >YOUR VISION IS OUR VISION<\/h4>\n<h2 class=\"ts-custom-heading \" >La<strong> CATARATTA<\/strong><\/h2>\n<\/div><\/div><div class=\"ts-cta3-content-wrapper\"><p>L\u2019esperienza maturata dal Dottor De Luca con pi\u00f9 di 500 interveti di cataratta l\u2019anno ormai e nota .<\/p>\n<p>Se pensi di avere questo disturbo da noi \u00e8 possibile risolverlo in tempi brevi nelle migliori cliniche con ottimi materiali <strong>IOL ALCON<\/strong>.<\/p>\n<p>che permettono anche la correzione dei\u00a0 difetti come Astigmatismo, Miopia, Presbiopia, Ipermetropia \u00e8 cos\u00ec possibile togliere gli occhiali.<\/p>\n<p>Torna a vedere con noi<\/p><\/div><\/div><\/div><\/div><\/section><\/div> <!-- .ts-element-heading-wrapper container --> [vc_row_inner][vc_column_inner]\n<div class=\"ts-servicebox ts-sbox-style-2 ts-sbox-itype-icon\">\n\n\t<div class=\"ts-sbox-icon\">\n\t\t<div class=\"ts-sbox-icon-wrapper\"><i class=\"fa fa-thumbs-o-up\"><\/i><\/div>\t<\/div>\n\n\t<div class=\"ts-sbox-contents\">\n\t\t<div class=\"ts-vc_general ts-vc_cta3 ts-cta3-only ts-vc_cta3-style-classic ts-vc_cta3-shape-rounded ts-vc_cta3-align-left ts-vc_cta3-color-transparent ts-vc_cta3-icon-size-md ts-vc_cta3-actions-no ts-cta3-with-desc\"><div class=\"ts-vc_cta3_content-container\"><div class=\"ts-vc_cta3-content\"><div class=\"ts-vc_cta3-content-header ts-wrap\"><div class=\"ts-vc_cta3-headers ts-wrap-cell\"><h2 class=\"ts-custom-heading \">LA CATARATTA SECONDARIA<\/h2>\n<\/div><\/div><div class=\"ts-cta3-content-wrapper\"><p>Da noi \u00e8 possibile risolverla con un trattamento YAG Laser fatto ambulatorialmente <\/p><\/div><\/div><\/div><\/div>\t<\/div><!-- .ts-sbox-contents -->\n\n<\/div>\n\n[\/vc_column_inner][\/vc_row_inner][vc_empty_space height=&#8221;105px&#8221; el_class=&#8221;ts-height-auto-991&#8243;][\/vc_column][vc_column width=&#8221;1\/2&#8243; ts_responsive_css=&#8221;24544611|colbreak_yes|||||||||colbreak_yes|||1px||||||colbreak_no||||||||||colbreak_no|||||||||&#8221;][vc_single_image image=&#8221;5603&#8243; img_size=&#8221;large&#8221; css=&#8221;.vc_custom_1643131990569{margin-bottom: 0px !important;}&#8221; el_class=&#8221;imagebox-shadow&#8221;][\/vc_column][\/vc_row][vc_row ts_bgcolor=&#8221;skincolor&#8221; full_width=&#8221;stretch_row&#8221; css=&#8221;.vc_custom_1621587630834{margin-top: -110px !important;padding-top: 130px !important;background-image: url(https:\/\/oculistadeluca.com\/wp-content\/uploads\/2021\/05\/DSC_0547.jpg?id=5530) !important;background-position: center !important;background-repeat: no-repeat !important;background-size: cover !important;}&#8221; ts_responsive_css=&#8221;58931005|colbreak_no|||||||||colbreak_yes|70||||70||||colbreak_no||||||||||colbreak_no|||||||||&#8221;][vc_column width=&#8221;1\/2&#8243;][vc_row_inner el_class=&#8221;ts-col-auto&#8221;][vc_column_inner][\/vc_column_inner][\/vc_row_inner][\/vc_column][vc_column width=&#8221;1\/2&#8243;][vc_row_inner css=&#8221;.vc_custom_1527054778594{margin-top: 50px !important;}&#8221; el_class=&#8221;ts-colum-col-4-767&#8243;][vc_column_inner css=&#8221;.vc_custom_1527054751035{padding-right: 25px !important;padding-left: 25px !important;}&#8221;]<div class=\"ts-element-heading-wrapper ts-heading-inner ts-element-align-left ts-seperator-none \"><section class=\"ts-vc_cta3-container\"><div class=\"ts-vc_general ts-vc_cta3 ts-cta3-only ts-vc_cta3-style-classic ts-vc_cta3-shape-rounded ts-vc_cta3-align-left ts-vc_cta3-color-transparent ts-vc_cta3-icon-size-md ts-vc_cta3-actions-no ts-cta3-without-desc\"><div class=\"ts-vc_cta3_content-container\"><div class=\"ts-vc_cta3-content\"><div class=\"ts-vc_cta3-content-header ts-wrap\"><div class=\"ts-vc_cta3-headers ts-wrap-cell\"><h4 class=\"ts-custom-heading \" >WHY CHOOSE US<\/h4>\n<h2 class=\"ts-custom-heading \" >La <strong> chirurgia PALPEBRALE<\/strong><\/h2>\n<\/div><\/div><\/div><\/div><\/div><\/section><\/div> <!-- .ts-element-heading-wrapper container --> [\/vc_column_inner][\/vc_row_inner][\/vc_column][\/vc_row][vc_row equal_height=&#8221;yes&#8221; el_class=&#8221;ts-overlap-row-section&#8221; css=&#8221;.vc_custom_1664368462364{padding-bottom: 0px !important;}&#8221; ts_responsive_css=&#8221;79157701|colbreak_no|||||||||colbreak_yes|||||||||colbreak_no|||||||||900|colbreak_yes|||||||||&#8221; el_id=&#8221;palpe&#8221;][vc_column width=&#8221;1\/2&#8243; css=&#8221;.vc_custom_1525511919249{margin-top: 22px !important;}&#8221;][vc_single_image image=&#8221;5627&#8243; img_size=&#8221;large&#8221; css=&#8221;.vc_custom_1643646433246{margin-bottom: 0px !important;}&#8221; el_class=&#8221;imagebox-shadow&#8221;][\/vc_column][vc_column width=&#8221;1\/2&#8243; ts_responsive_css=&#8221;24544611|colbreak_yes|||||||||colbreak_yes|||1px||||||colbreak_no||||||||||colbreak_no|||||||||&#8221;]<div class=\"ts-element-heading-wrapper ts-heading-inner ts-element-align-left ts-seperator-none  vc_custom_1621587840652\"><section class=\"ts-vc_cta3-container\"><div class=\"ts-vc_general ts-vc_cta3 ts-cta3-only ts-vc_cta3-style-classic ts-vc_cta3-shape-rounded ts-vc_cta3-align-left ts-vc_cta3-color-transparent ts-vc_cta3-icon-size-md ts-vc_cta3-actions-no ts-cta3-with-desc\"><div class=\"ts-vc_cta3_content-container\"><div class=\"ts-vc_cta3-content\"><div class=\"ts-vc_cta3-content-header ts-wrap\"><div class=\"ts-vc_cta3-headers ts-wrap-cell\"><h4 class=\"ts-custom-heading \" >YOUR VISION IS OUR VISION<\/h4>\n<h2 class=\"ts-custom-heading \" >Interventi di chirurgia delle <strong> PALPEBRE<\/strong><\/h2>\n<\/div><\/div><div class=\"ts-cta3-content-wrapper\"><p>La chirurgia delle palpebre \u00e8 sempre al limite tra una chirurgia estetica ed una funzionale e viene eseguita mediante l&#8217;utilizzo del bisturi elettrico, il quale permette di effettuare tagli molto pi\u00f9 precisi e quindi di avere una cicatrice spesso invisibile.<br \/>\nGrazie alle moderne tecnologie impiegate, il dottor De Luca e il suo staff di collaboratori effettua ogni trattamento nella massima sicurezza, garantendo risultati di altissimo livello.<\/p><\/div><\/div><\/div><\/div><\/section><\/div> <!-- .ts-element-heading-wrapper container --> [vc_row_inner][vc_column_inner width=&#8221;1\/2&#8243;]\n<div class=\"ts-servicebox ts-sbox-style-2 ts-sbox-itype-icon\">\n\n\t<div class=\"ts-sbox-icon\">\n\t\t<div class=\"ts-sbox-icon-wrapper\"><i class=\"fa fa-thumbs-o-up\"><\/i><\/div>\t<\/div>\n\n\t<div class=\"ts-sbox-contents\">\n\t\t<div class=\"ts-vc_general ts-vc_cta3 ts-cta3-only ts-vc_cta3-style-classic ts-vc_cta3-shape-rounded ts-vc_cta3-align-left ts-vc_cta3-color-transparent ts-vc_cta3-icon-size-md ts-vc_cta3-actions-no ts-cta3-with-desc\"><div class=\"ts-vc_cta3_content-container\"><div class=\"ts-vc_cta3-content\"><div class=\"ts-vc_cta3-content-header ts-wrap\"><div class=\"ts-vc_cta3-headers ts-wrap-cell\"><h2 class=\"ts-custom-heading \">Rimozione CALAZIO<\/h2>\n<\/div><\/div><div class=\"ts-cta3-content-wrapper\"><p>\u00e8 una cisti che si localizza nella palpebra, nella parte superiore o in quella inferiore, che deriva da un&#8217;infiammazione di una ghiandola di Meibomio. <\/p><\/div><\/div><\/div><\/div>\t<\/div><!-- .ts-sbox-contents -->\n\n<\/div>\n\n[\/vc_column_inner][vc_column_inner width=&#8221;1\/2&#8243;]\n<div class=\"ts-servicebox ts-sbox-style-2 ts-sbox-itype-icon\">\n\n\t<div class=\"ts-sbox-icon\">\n\t\t<div class=\"ts-sbox-icon-wrapper\"><i class=\"fa fa-thumbs-o-up\"><\/i><\/div>\t<\/div>\n\n\t<div class=\"ts-sbox-contents\">\n\t\t<div class=\"ts-vc_general ts-vc_cta3 ts-cta3-only ts-vc_cta3-style-classic ts-vc_cta3-shape-rounded ts-vc_cta3-align-left ts-vc_cta3-color-transparent ts-vc_cta3-icon-size-md ts-vc_cta3-actions-no ts-cta3-with-desc\"><div class=\"ts-vc_cta3_content-container\"><div class=\"ts-vc_cta3-content\"><div class=\"ts-vc_cta3-content-header ts-wrap\"><div class=\"ts-vc_cta3-headers ts-wrap-cell\"><h2 class=\"ts-custom-heading \">Entropion<\/h2>\n<\/div><\/div><div class=\"ts-cta3-content-wrapper\"><p>Correzione chirurgica della problematica di palpebra ruotata verso l\u2019interno dell\u2019occhio. <\/p><\/div><\/div><\/div><\/div>\t<\/div><!-- .ts-sbox-contents -->\n\n<\/div>\n\n[\/vc_column_inner][\/vc_row_inner][vc_row_inner][vc_column_inner width=&#8221;1\/2&#8243;]\n<div class=\"ts-servicebox ts-sbox-style-2 ts-sbox-itype-icon\">\n\n\t<div class=\"ts-sbox-icon\">\n\t\t<div class=\"ts-sbox-icon-wrapper\"><i class=\"fa fa-thumbs-o-up\"><\/i><\/div>\t<\/div>\n\n\t<div class=\"ts-sbox-contents\">\n\t\t<div class=\"ts-vc_general ts-vc_cta3 ts-cta3-only ts-vc_cta3-style-classic ts-vc_cta3-shape-rounded ts-vc_cta3-align-left ts-vc_cta3-color-transparent ts-vc_cta3-icon-size-md ts-vc_cta3-actions-no ts-cta3-with-desc\"><div class=\"ts-vc_cta3_content-container\"><div class=\"ts-vc_cta3-content\"><div class=\"ts-vc_cta3-content-header ts-wrap\"><div class=\"ts-vc_cta3-headers ts-wrap-cell\"><h2 class=\"ts-custom-heading \">BLEFAROPLASTICA<\/h2>\n<\/div><\/div><div class=\"ts-cta3-content-wrapper\"><p>\u00e8 l\u2019intervento di ringiovanimento delle palpebre. Permette di eliminare i tessuti in eccesso che possono anche ridurre la visibilit\u00e0. Il risultato \u00e8 uno sguardo pi\u00f9 giovane e fresco con rispettivo aumento della visibilit\u00e0.<\/p><\/div><\/div><\/div><\/div>\t<\/div><!-- .ts-sbox-contents -->\n\n<\/div>\n\n[\/vc_column_inner][vc_column_inner width=&#8221;1\/2&#8243;]\n<div class=\"ts-servicebox ts-sbox-style-2 ts-sbox-itype-icon\">\n\n\t<div class=\"ts-sbox-icon\">\n\t\t<div class=\"ts-sbox-icon-wrapper\"><i class=\"fa fa-thumbs-o-up\"><\/i><\/div>\t<\/div>\n\n\t<div class=\"ts-sbox-contents\">\n\t\t<div class=\"ts-vc_general ts-vc_cta3 ts-cta3-only ts-vc_cta3-style-classic ts-vc_cta3-shape-rounded ts-vc_cta3-align-left ts-vc_cta3-color-transparent ts-vc_cta3-icon-size-md ts-vc_cta3-actions-no ts-cta3-with-desc\"><div class=\"ts-vc_cta3_content-container\"><div class=\"ts-vc_cta3-content\"><div class=\"ts-vc_cta3-content-header ts-wrap\"><div class=\"ts-vc_cta3-headers ts-wrap-cell\"><h2 class=\"ts-custom-heading \">Ectropion<\/h2>\n<\/div><\/div><div class=\"ts-cta3-content-wrapper\"><p>Correzione chirurgica della problematica di palpebra ruotata verso l\u2019esterno dell\u2019occhio.<\/p><\/div><\/div><\/div><\/div>\t<\/div><!-- .ts-sbox-contents -->\n\n<\/div>\n\n[\/vc_column_inner][\/vc_row_inner][vc_empty_space height=&#8221;105px&#8221; el_class=&#8221;ts-height-auto-991&#8243;][\/vc_column][\/vc_row][vc_row ts_bgcolor=&#8221;skincolor&#8221; full_width=&#8221;stretch_row&#8221; css=&#8221;.vc_custom_1664368693774{margin-top: -110px !important;padding-top: 130px !important;background-image: url(https:\/\/oculistadeluca.com\/wp-content\/uploads\/2021\/05\/DSC_8253.jpg?id=5480) !important;background-position: center !important;background-repeat: no-repeat !important;background-size: cover !important;}&#8221; ts_responsive_css=&#8221;58931005|colbreak_no|||||||||colbreak_yes|70||||70||||colbreak_no||||||||||colbreak_no|||||||||&#8221; el_id=&#8221;inter&#8221;][vc_column width=&#8221;1\/2&#8243;][vc_row_inner el_class=&#8221;ts-col-auto&#8221;][vc_column_inner width=&#8221;1\/2&#8243;][\/vc_column_inner][vc_column_inner width=&#8221;1\/2&#8243;][\/vc_column_inner][\/vc_row_inner]<div class=\"ts-element-heading-wrapper ts-heading-inner ts-element-align-left ts-seperator-none \"><section class=\"ts-vc_cta3-container\"><div class=\"ts-vc_general ts-vc_cta3 ts-cta3-only ts-vc_cta3-style-classic ts-vc_cta3-shape-rounded ts-vc_cta3-align-left ts-vc_cta3-color-transparent ts-vc_cta3-icon-size-md ts-vc_cta3-actions-no ts-cta3-without-desc\"><div class=\"ts-vc_cta3_content-container\"><div class=\"ts-vc_cta3-content\"><div class=\"ts-vc_cta3-content-header ts-wrap\"><div class=\"ts-vc_cta3-headers ts-wrap-cell\"><h4 class=\"ts-custom-heading \" >WHY CHOOSE US<\/h4>\n<h2 class=\"ts-custom-heading \" >Trattamenti di chirurgia<strong> REFRATTIVA<\/strong><\/h2>\n<\/div><\/div><\/div><\/div><\/div><\/section><\/div> <!-- .ts-element-heading-wrapper container --> [\/vc_column][vc_column width=&#8221;1\/2&#8243;][vc_row_inner css=&#8221;.vc_custom_1527054778594{margin-top: 50px !important;}&#8221; el_class=&#8221;ts-colum-col-4-767&#8243;][vc_column_inner css=&#8221;.vc_custom_1527054751035{padding-right: 25px !important;padding-left: 25px !important;}&#8221;][vc_column_text]Con la chirurgia refrattiva si vanno a correggere tutte quelle alterazioni presenti sul cristallino o sulla cornea che impediscono di focalizzare in maniera ottimale le immagini sulla retina. Si tratta principalmente di miopia, ipermetropia ed astigmatismo, oltre alla presbiopia. Tutti i vizi refrattivi possono essere corretti ricorrendo a diversi[\/vc_column_text][\/vc_column_inner][\/vc_row_inner][\/vc_column][\/vc_row][vc_row equal_height=&#8221;yes&#8221; el_class=&#8221;ts-overlap-row-section&#8221; css=&#8221;.vc_custom_1638890018646{padding-bottom: 0px !important;}&#8221; ts_responsive_css=&#8221;79157701|colbreak_no|||||||||colbreak_yes|||||||||colbreak_no|||||||||900|colbreak_yes|||||||||&#8221; el_id=&#8221;laser&#8221;][vc_column width=&#8221;1\/2&#8243; css=&#8221;.vc_custom_1525511919249{margin-top: 22px !important;}&#8221;]<div class=\"ts-element-heading-wrapper ts-heading-inner ts-element-align-left ts-seperator-none  vc_custom_1643647699477\"><section class=\"ts-vc_cta3-container\"><div class=\"ts-vc_general ts-vc_cta3 ts-cta3-only ts-vc_cta3-style-classic ts-vc_cta3-shape-rounded ts-vc_cta3-align-left ts-vc_cta3-color-transparent ts-vc_cta3-icon-size-md ts-vc_cta3-actions-no ts-cta3-with-desc\"><div class=\"ts-vc_cta3_content-container\"><div class=\"ts-vc_cta3-content\"><div class=\"ts-vc_cta3-content-header ts-wrap\"><div class=\"ts-vc_cta3-headers ts-wrap-cell\"><h4 class=\"ts-custom-heading \" >YOUR VISION IS OUR VISION<\/h4>\n<h2 class=\"ts-custom-heading \" >Trattamento LASER per <strong> PROBLEMATICHE REFRATTIVE<\/strong><\/h2>\n<\/div><\/div><div class=\"ts-cta3-content-wrapper\"><p>Prima di procedere con l&#8217;operazione l&#8217;oculista deve ottenere i seguenti dati: misurazione del difetto visivo, topografia corneale (la curvatura della superficie oculare), pachimetria (misurazione dello spessore della cornea) e diametro della pupilla (in dilatazione e non). L&#8217;intervento \u00e8 generalmente definitivo, richiede un breve periodo di assestamento che varia a seconda della tecnica utilizza e in alcuni casi potrebbe verificarsi il permanere di un residuo di vizio refrattivo, spesso correggibile in seguito ad un secondo intervento di minor entit\u00e0.<\/p><\/div><\/div><\/div><\/div><\/section><\/div> <!-- .ts-element-heading-wrapper container --> [vc_row_inner][vc_column_inner]\n<div class=\"ts-servicebox ts-sbox-style-2 ts-sbox-itype-icon\">\n\n\t<div class=\"ts-sbox-icon\">\n\t\t<div class=\"ts-sbox-icon-wrapper\"><i class=\"fa fa-thumbs-o-up\"><\/i><\/div>\t<\/div>\n\n\t<div class=\"ts-sbox-contents\">\n\t\t<div class=\"ts-vc_general ts-vc_cta3 ts-cta3-only ts-vc_cta3-style-classic ts-vc_cta3-shape-rounded ts-vc_cta3-align-left ts-vc_cta3-color-transparent ts-vc_cta3-icon-size-md ts-vc_cta3-actions-no ts-cta3-with-desc\"><div class=\"ts-vc_cta3_content-container\"><div class=\"ts-vc_cta3-content\"><div class=\"ts-vc_cta3-content-header ts-wrap\"><div class=\"ts-vc_cta3-headers ts-wrap-cell\"><h2 class=\"ts-custom-heading \">FEMTO LASER<\/h2>\n<\/div><\/div><div class=\"ts-cta3-content-wrapper\"><p>correzione della miopia e dell\u2019astigmatismo con la nuova Tecnica non invasiva SMILE metodologia pi\u00f9 recente ed all\u2019avanguardia con tempi pi\u00f9 rapidi di guarigione. Brevettata e realizzata con tecnologia Zeiss.<\/p><\/div><\/div><\/div><\/div>\t<\/div><!-- .ts-sbox-contents -->\n\n<\/div>\n\n[\/vc_column_inner][\/vc_row_inner][vc_row_inner css=&#8221;.vc_custom_1524030500650{margin-top: 30px !important;}&#8221;][vc_column_inner width=&#8221;1\/2&#8243;]\n<div class=\"ts-servicebox ts-sbox-style-2 ts-sbox-itype-icon\">\n\n\t<div class=\"ts-sbox-icon\">\n\t\t<div class=\"ts-sbox-icon-wrapper\"><i class=\"fa fa-thumbs-o-up\"><\/i><\/div>\t<\/div>\n\n\t<div class=\"ts-sbox-contents\">\n\t\t<div class=\"ts-vc_general ts-vc_cta3 ts-cta3-only ts-vc_cta3-style-classic ts-vc_cta3-shape-rounded ts-vc_cta3-align-left ts-vc_cta3-color-transparent ts-vc_cta3-icon-size-md ts-vc_cta3-actions-no ts-cta3-with-desc\"><div class=\"ts-vc_cta3_content-container\"><div class=\"ts-vc_cta3-content\"><div class=\"ts-vc_cta3-content-header ts-wrap\"><div class=\"ts-vc_cta3-headers ts-wrap-cell\"><h2 class=\"ts-custom-heading \">YAG LASER<\/h2>\n<\/div><\/div><div class=\"ts-cta3-content-wrapper\"><p>per la cura della cataratta secondaria e trattamento del Glaucoma<\/p><\/div><\/div><\/div><\/div>\t<\/div><!-- .ts-sbox-contents -->\n\n<\/div>\n\n\n<div class=\"ts-servicebox ts-sbox-style-2 ts-sbox-itype-icon\">\n\n\t<div class=\"ts-sbox-icon\">\n\t\t<div class=\"ts-sbox-icon-wrapper\"><i class=\"fa fa-thumbs-o-up\"><\/i><\/div>\t<\/div>\n\n\t<div class=\"ts-sbox-contents\">\n\t\t<div class=\"ts-vc_general ts-vc_cta3 ts-cta3-only ts-vc_cta3-style-classic ts-vc_cta3-shape-rounded ts-vc_cta3-align-left ts-vc_cta3-color-transparent ts-vc_cta3-icon-size-md ts-vc_cta3-actions-no ts-cta3-with-desc\"><div class=\"ts-vc_cta3_content-container\"><div class=\"ts-vc_cta3-content\"><div class=\"ts-vc_cta3-content-header ts-wrap\"><div class=\"ts-vc_cta3-headers ts-wrap-cell\"><h2 class=\"ts-custom-heading \">ARGON LASER<\/h2>\n<\/div><\/div><div class=\"ts-cta3-content-wrapper\"><p>per problemi patologie della Retina, retinopatia diabetica distacchi di retina <\/p><\/div><\/div><\/div><\/div>\t<\/div><!-- .ts-sbox-contents -->\n\n<\/div>\n\n[\/vc_column_inner][vc_column_inner width=&#8221;1\/2&#8243;]\n<div class=\"ts-servicebox ts-sbox-style-2 ts-sbox-itype-icon\">\n\n\t<div class=\"ts-sbox-icon\">\n\t\t<div class=\"ts-sbox-icon-wrapper\"><i class=\"fa fa-thumbs-o-up\"><\/i><\/div>\t<\/div>\n\n\t<div class=\"ts-sbox-contents\">\n\t\t<div class=\"ts-vc_general ts-vc_cta3 ts-cta3-only ts-vc_cta3-style-classic ts-vc_cta3-shape-rounded ts-vc_cta3-align-left ts-vc_cta3-color-transparent ts-vc_cta3-icon-size-md ts-vc_cta3-actions-no ts-cta3-with-desc\"><div class=\"ts-vc_cta3_content-container\"><div class=\"ts-vc_cta3-content\"><div class=\"ts-vc_cta3-content-header ts-wrap\"><div class=\"ts-vc_cta3-headers ts-wrap-cell\"><h2 class=\"ts-custom-heading \">Laser a ECCIMERI<\/h2>\n<\/div><\/div><div class=\"ts-cta3-content-wrapper\"><p>Tecnica PRK per eliminare gli occhiali ,correzione della miopia e dell\u2019 astigmatismo<\/p><\/div><\/div><\/div><\/div>\t<\/div><!-- .ts-sbox-contents -->\n\n<\/div>\n\n[\/vc_column_inner][\/vc_row_inner][vc_empty_space height=&#8221;105px&#8221; el_class=&#8221;ts-height-auto-991&#8243;][\/vc_column][vc_column width=&#8221;1\/2&#8243; ts_responsive_css=&#8221;24544611|colbreak_yes|||||||||colbreak_yes|||1px||||||colbreak_no||||||||||colbreak_no|||||||||&#8221;][vc_single_image image=&#8221;5537&#8243; img_size=&#8221;full&#8221; css=&#8221;.vc_custom_1643132381280{margin-bottom: 0px !important;}&#8221; el_class=&#8221;imagebox-shadow&#8221;][\/vc_column][\/vc_row][vc_row equal_height=&#8221;yes&#8221; el_class=&#8221;ts-overlap-row-section&#8221; css=&#8221;.vc_custom_1643128959077{padding-bottom: 0px !important;}&#8221; ts_responsive_css=&#8221;79157701|colbreak_no|||||||||colbreak_yes|||||||||colbreak_no|||||||||900|colbreak_yes|||||||||&#8221; el_id=&#8221;glaucoma&#8221;][vc_column width=&#8221;1\/2&#8243; css=&#8221;.vc_custom_1525511919249{margin-top: 22px !important;}&#8221;]<div class=\"ts-element-heading-wrapper ts-heading-inner ts-element-align-left ts-seperator-none  vc_custom_1643132557474\"><section class=\"ts-vc_cta3-container\"><div class=\"ts-vc_general ts-vc_cta3 ts-cta3-only ts-vc_cta3-style-classic ts-vc_cta3-shape-rounded ts-vc_cta3-align-left ts-vc_cta3-color-transparent ts-vc_cta3-icon-size-md ts-vc_cta3-actions-no ts-cta3-with-desc\"><div class=\"ts-vc_cta3_content-container\"><div class=\"ts-vc_cta3-content\"><div class=\"ts-vc_cta3-content-header ts-wrap\"><div class=\"ts-vc_cta3-headers ts-wrap-cell\"><h4 class=\"ts-custom-heading \" >YOUR VISION IS OUR VISION<\/h4>\n<h2 class=\"ts-custom-heading \" >CHIRURGIA <strong> GLAUCOMA<\/strong><\/h2>\n<\/div><\/div><div class=\"ts-cta3-content-wrapper\"><p>Serve quando la terapia farmacologica non \u00e9 pi\u00f9 in grado di ridurre la pressione intraoculare ad un livello soddisfacente, si ricorre alla chirurgia. L\u2019obiettivo consiste nell\u2019ottenere una normalizzazione duratura della pressione intraoculare, in modo da preservare la massima estensione possibile del campo visivo.<\/p><\/div><\/div><\/div><\/div><\/section><\/div> <!-- .ts-element-heading-wrapper container --> [vc_row_inner][vc_column_inner width=&#8221;1\/2&#8243;][\/vc_column_inner][vc_column_inner width=&#8221;1\/2&#8243;][\/vc_column_inner][\/vc_row_inner][vc_row_inner css=&#8221;.vc_custom_1524030500650{margin-top: 30px !important;}&#8221;][vc_column_inner width=&#8221;1\/2&#8243;][\/vc_column_inner][vc_column_inner width=&#8221;1\/2&#8243;][\/vc_column_inner][\/vc_row_inner][vc_empty_space height=&#8221;105px&#8221; el_class=&#8221;ts-height-auto-991&#8243;][\/vc_column][vc_column width=&#8221;1\/2&#8243; ts_responsive_css=&#8221;24544611|colbreak_yes|||||||||colbreak_yes|||1px||||||colbreak_no||||||||||colbreak_no|||||||||&#8221;][vc_single_image image=&#8221;5611&#8243; img_size=&#8221;large&#8221; css=&#8221;.vc_custom_1643132755466{margin-bottom: 0px !important;}&#8221; el_class=&#8221;imagebox-shadow&#8221;][\/vc_column][\/vc_row][vc_row equal_height=&#8221;yes&#8221; el_class=&#8221;ts-overlap-row-section&#8221; css=&#8221;.vc_custom_1643129231883{padding-bottom: 0px !important;}&#8221; ts_responsive_css=&#8221;79157701|colbreak_no|||||||||colbreak_yes|||||||||colbreak_no|||||||||900|colbreak_yes|||||||||&#8221; el_id=&#8221;vitrectomia&#8221;][vc_column width=&#8221;1\/2&#8243; css=&#8221;.vc_custom_1525511919249{margin-top: 22px !important;}&#8221;]<div class=\"ts-element-heading-wrapper ts-heading-inner ts-element-align-left ts-seperator-none  vc_custom_1643129248409\"><section class=\"ts-vc_cta3-container\"><div class=\"ts-vc_general ts-vc_cta3 ts-cta3-only ts-vc_cta3-style-classic ts-vc_cta3-shape-rounded ts-vc_cta3-align-left ts-vc_cta3-color-transparent ts-vc_cta3-icon-size-md ts-vc_cta3-actions-no ts-cta3-with-desc\"><div class=\"ts-vc_cta3_content-container\"><div class=\"ts-vc_cta3-content\"><div class=\"ts-vc_cta3-content-header ts-wrap\"><div class=\"ts-vc_cta3-headers ts-wrap-cell\"><h4 class=\"ts-custom-heading \" >YOUR VISION IS OUR VISION<\/h4>\n<h2 class=\"ts-custom-heading \" >CHIRURGIA <strong> Vitrectomia<\/strong><\/h2>\n<\/div><\/div><div class=\"ts-cta3-content-wrapper\"><p>Prima di procedere con l&#8217;operazione l&#8217;oculista deve ottenere i seguenti dati: misurazione del difetto visivo, topografia corneale (la curvatura della superficie oculare), pachimetria (misurazione dello spessore della cornea) e diametro della pupilla (in dilatazione e non).<br \/>\nL&#8217;intervento \u00e8 generalmente definitivo, richiede un breve periodo di assestamento che varia a seconda della tecnica utilizza e in alcuni casi potrebbe verificarsi il permanere di un residuo di vizio refrattivo, spesso correggibile in seguito ad un secondo intervento di minor entit\u00e0.<\/p><\/div><\/div><\/div><\/div><\/section><\/div> <!-- .ts-element-heading-wrapper container --> [vc_row_inner css=&#8221;.vc_custom_1524030500650{margin-top: 30px !important;}&#8221;][vc_column_inner width=&#8221;1\/2&#8243;][\/vc_column_inner][vc_column_inner width=&#8221;1\/2&#8243;][\/vc_column_inner][\/vc_row_inner][vc_empty_space height=&#8221;105px&#8221; el_class=&#8221;ts-height-auto-991&#8243;][\/vc_column][vc_column width=&#8221;1\/2&#8243; ts_responsive_css=&#8221;24544611|colbreak_yes|||||||||colbreak_yes|||1px||||||colbreak_no||||||||||colbreak_no|||||||||&#8221;][vc_single_image image=&#8221;5527&#8243; img_size=&#8221;large&#8221; css=&#8221;.vc_custom_1643132935181{margin-bottom: 0px !important;}&#8221; el_class=&#8221;imagebox-shadow&#8221;][\/vc_column][\/vc_row][vc_row ts_bgcolor=&#8221;skincolor&#8221; full_width=&#8221;stretch_row&#8221; css=&#8221;.vc_custom_1529205809528{margin-top: -110px !important;padding-top: 130px !important;background-image: url(https:\/\/oculistadeluca.com\/wp-content\/uploads\/2018\/06\/03.jpg?id=5306) !important;background-position: center !important;background-repeat: no-repeat !important;background-size: cover !important;}&#8221; ts_responsive_css=&#8221;58931005|colbreak_no|||||||||colbreak_yes|70||||70||||colbreak_no||||||||||colbreak_no|||||||||&#8221;][vc_column width=&#8221;1\/2&#8243;][vc_row_inner el_class=&#8221;ts-col-auto&#8221;][vc_column_inner width=&#8221;1\/2&#8243;][\/vc_column_inner][vc_column_inner width=&#8221;1\/2&#8243;][\/vc_column_inner][\/vc_row_inner]<div class=\"ts-element-heading-wrapper ts-heading-inner ts-element-align-left ts-seperator-none \"><section class=\"ts-vc_cta3-container\"><div class=\"ts-vc_general ts-vc_cta3 ts-cta3-only ts-vc_cta3-style-classic ts-vc_cta3-shape-rounded ts-vc_cta3-align-left ts-vc_cta3-color-transparent ts-vc_cta3-icon-size-md ts-vc_cta3-actions-no ts-cta3-without-desc\"><div class=\"ts-vc_cta3_content-container\"><div class=\"ts-vc_cta3-content\"><div class=\"ts-vc_cta3-content-header ts-wrap\"><div class=\"ts-vc_cta3-headers ts-wrap-cell\"><h4 class=\"ts-custom-heading \" >WHY CHOOSE US<\/h4>\n<h2 class=\"ts-custom-heading \" >TRATTAMENTI<strong> LASER<\/strong><\/h2>\n<\/div><\/div><\/div><\/div><\/div><\/section><\/div> <!-- .ts-element-heading-wrapper container --> [\/vc_column][vc_column width=&#8221;1\/2&#8243;][\/vc_column][\/vc_row][vc_row ts_bgcolor=&#8221;darkgrey&#8221; ts_bgimage_position=&#8221;center_top&#8221; full_width=&#8221;stretch_row&#8221; css=&#8221;.vc_custom_1529205827277{margin-top: 0px !important;margin-bottom: 0px !important;padding-bottom: 315px !important;background-image: url(https:\/\/oculistadeluca.com\/wp-content\/uploads\/2018\/06\/02.jpg?id=5308) !important;background-position: center !important;background-repeat: no-repeat !important;background-size: cover !important;}&#8221; ts_responsive_css=&#8221;23835983|colbreak_no|||||||||colbreak_no|0||||||||colbreak_no|0||||||0|||colbreak_no||||||18873195|||&#8221;][vc_column]<div class=\"ts-element-heading-wrapper ts-heading-inner ts-element-align-center ts-seperator-none \"><section class=\"ts-vc_cta3-container\"><div class=\"ts-vc_general ts-vc_cta3 ts-cta3-only ts-vc_cta3-style-classic ts-vc_cta3-shape-rounded ts-vc_cta3-align-center ts-vc_cta3-color-transparent ts-vc_cta3-icon-size-md ts-vc_cta3-actions-no ts-cta3-without-desc\"><div class=\"ts-vc_cta3_content-container\"><div class=\"ts-vc_cta3-content\"><div class=\"ts-vc_cta3-content-header ts-wrap\"><div class=\"ts-vc_cta3-headers ts-wrap-cell\"><h4 class=\"ts-custom-heading \" >PRENOTA<\/h4>\n<h2 class=\"ts-custom-heading \" >Fissa un appuntamento<br \/>\n<strong>presso il nostro STUDIO<\/strong><\/h2>\n<\/div><\/div><\/div><\/div><\/div><\/section><\/div> <!-- .ts-element-heading-wrapper container --> [\/vc_column][\/vc_row][vc_row ts_bgcolor=&#8221;grey&#8221; full_width=&#8221;stretch_row&#8221; css=&#8221;.vc_custom_1529146310148{padding-top: 0px !important;padding-bottom: 80px !important;}&#8221; ts_responsive_css=&#8221;48609082|colbreak_no|||||||||colbreak_no|||||||||colbreak_no||||||||||colbreak_no|||||||||&#8221;][vc_column][vc_row_inner ts_bgcolor=&#8221;white&#8221; equal_height=&#8221;yes&#8221; el_class=&#8221;box-shadow-1&#8243; css=&#8221;.vc_custom_1529144765275{margin-top: -280px !important;}&#8221; ts_responsive_css=&#8221;69447609|colbreak_no|||||||||colbreak_no|||||||||colbreak_no|0|||||||||colbreak_no|||||||||&#8221;][vc_column_inner width=&#8221;1\/3&#8243; css=&#8221;.vc_custom_1529205751613{background-image: url(https:\/\/oculistadeluca.com\/wp-content\/uploads\/2018\/06\/01.jpg?id=5305) !important;background-position: center !important;background-repeat: no-repeat !important;background-size: cover !important;}&#8221;][\/vc_column_inner][vc_column_inner width=&#8221;2\/3&#8243; css=&#8221;.vc_custom_1528006414111{padding-top: 60px !important;padding-right: 60px !important;padding-bottom: 60px !important;padding-left: 60px !important;}&#8221; ts_responsive_css=&#8221;21708474|colbreak_no|||||||||colbreak_no|||||||||colbreak_no|||||30|30|30|30||colbreak_no|||||||||&#8221;]<h4 style=\"text-align:left;font-family:'Montserrat',Arial,Helvetica;font-weight:400;\" class=\"ts-custom-heading ts-skincolor-strong vc_custom_1621349599946\" >Chiama <strong>340 9954550<\/strong> per urgenze<\/h4>\n<p style=\"text-align:left;font-size:14px;line-height:24px;color:#919191;\" class=\"ts-custom-heading vc_custom_1621349711925\" >Accesso Facilitato per Pazienti Disabili<br \/>\nBiella Studio Via Lamarmora, 9 - 13900 (BI)<br \/>\nBorgomaneo Clinica San Luigi Via Piave, 2 - 28021 (NO)<br \/>\na domicilio (per Pazienti Allettati)<\/p>\n[vc_empty_space][\/vc_column_inner][\/vc_row_inner][vc_row_inner css=&#8221;.vc_custom_1528020743171{margin-top: 50px !important;}&#8221; ts_responsive_css=&#8221;45355937|colbreak_no|||||||||colbreak_no|||||||||colbreak_no||||||||||colbreak_no|||||||||&#8221;][vc_column_inner width=&#8221;1\/2&#8243; css=&#8221;.vc_custom_1529142718448{padding-right: 65px !important;}&#8221; ts_responsive_css=&#8221;83153635|colbreak_no|||||||||colbreak_no|||||||||colbreak_no|||30|||15||||colbreak_no|||||||||&#8221;][vc_single_image image=&#8221;5594&#8243; img_size=&#8221;full&#8221;][\/vc_column_inner][vc_column_inner ts_bgcolor=&#8221;skincolor&#8221; width=&#8221;1\/2&#8243; css=&#8221;.vc_custom_1529142806528{padding-top: 50px !important;padding-right: 50px !important;padding-bottom: 50px !important;padding-left: 50px !important;}&#8221; ts_responsive_css=&#8221;13473713|colbreak_no|||||||||colbreak_no|||||||||colbreak_no|||||30|15|30|15||colbreak_no|||||||||&#8221;]<div class=\"themestek-boxes themestek-boxes-testimonial themestek-boxes-view-carousel themestek-boxes-col-one themestek-boxes-sortable-no themestek-boxes-textalign-left themestek-boxes-sortablebutton- ts-boxes-carousel-arrows-below ts-boxes-txtalign-left\" data-ts-speed=\"1500\" data-ts-autoplay=\"1\" data-ts-autoplayspeed=\"4500\" data-ts-loop=\"1\" data-ts-dots=\"0\" data-ts-nav=\"below\" data-ts-centermode=\"0\" data-ts-pauseonfocus=\"1\" data-ts-pauseonhover=\"1\" data-ts-slidestoscroll=\"column\" data-ts-effecttype=\"slide\">\n\t\t<div class=\"themestek-boxes-inner themestek-boxes-testimonial-inner \"><div class=\"themestek-box-heading-wrapper ts-element-align-left\"><div class=\"ts-element-heading-wrapper ts-heading-inner ts-element-align-left ts-seperator-none \"><section class=\"ts-vc_cta3-container\"><div class=\"ts-vc_general ts-vc_cta3 ts-cta3-only ts-vc_cta3-style-classic ts-vc_cta3-shape-rounded ts-vc_cta3-align-left ts-vc_cta3-color-transparent ts-vc_cta3-icon-size-md ts-vc_cta3-actions-no ts-cta3-without-desc\"><div class=\"ts-vc_cta3_content-container\"><div class=\"ts-vc_cta3-content\"><div class=\"ts-vc_cta3-content-header ts-wrap\"><div class=\"ts-vc_cta3-headers ts-wrap-cell\"><h4 class=\"ts-custom-heading \" >TESTIMONIALS<\/h4>\n<h2 class=\"ts-custom-heading \" >Cosa dicono i nostri<br \/>\n<strong>PAZIENTI<\/strong><\/h2>\n<\/div><\/div><\/div><\/div><\/div><\/section><\/div> <!-- .ts-element-heading-wrapper container --> <\/div> <!-- .ts-element-heading-wrapper container --> \n\t\t\t\n\t\t\t<div class=\"row multi-columns-row themestek-boxes-row-wrapper\">\n\t\t\t\t<div class=\"ts-box-col-wrapper col-lg-12 col-sm-12 col-md-12 col-xs-12 \"><article class=\"themestek-box themestek-box-testimonial ts-testimonialbox-style-1\">\n\t<div class=\"themestek-post-item\">\n\t\t<div class=\"themestek-box-content\">\n\t\t\t<div class=\"themestek-box-desc\"><blockquote class=\"themestek-testimonial-text\">Un professionista di livello elevato con esperienza e capacit\u00e0 comunicative.<\/blockquote><\/div>\n\t\t\t<div class=\"themestek-box-img\">\n\t\t<span class=\"themestek-item-thumbnail\">\n\t\t\t<span class=\"themestek-item-thumbnail-inner\">\n\t\t\t\t<img loading=\"lazy\" decoding=\"async\" width=\"150\" height=\"150\" src=\"https:\/\/oculistadeluca.com\/wp-content\/uploads\/2018\/02\/sagoma-uomo-150x150.jpg\" class=\"attachment-thumbnail size-thumbnail wp-post-image\" alt=\"\" srcset=\"https:\/\/oculistadeluca.com\/wp-content\/uploads\/2018\/02\/sagoma-uomo-150x150.jpg 150w, https:\/\/oculistadeluca.com\/wp-content\/uploads\/2018\/02\/sagoma-uomo.jpg 250w\" sizes=\"(max-width: 150px) 100vw, 150px\" data-id=\"5637\" \/>\n\t\t\t<\/span>\n\t\t<\/span><\/div>\n\t\t\t<div class=\"themestek-box-author\"><div class=\"themestek-box-title\"><h3 class=\"themestek-author-name\">Marisa Pier<\/h3><\/div><\/div>\t\t\n\t\t<\/div>\n\t<\/div>\n<\/article><\/div><div class=\"ts-box-col-wrapper col-lg-12 col-sm-12 col-md-12 col-xs-12 company others\"><article class=\"themestek-box themestek-box-testimonial ts-testimonialbox-style-1\">\n\t<div class=\"themestek-post-item\">\n\t\t<div class=\"themestek-box-content\">\n\t\t\t<div class=\"themestek-box-desc\"><blockquote class=\"themestek-testimonial-text\">Trovare un punto negativo \u00e8 impossibile, ottima preparazione medica, di chi ha fatto della medicina una vocazione e non solo un'attivit\u00e0 a scopo di lucro<\/blockquote><\/div>\n\t\t\t<div class=\"themestek-box-img\">\n\t\t<span class=\"themestek-item-thumbnail\">\n\t\t\t<span class=\"themestek-item-thumbnail-inner\">\n\t\t\t\t<img loading=\"lazy\" decoding=\"async\" width=\"150\" height=\"150\" src=\"https:\/\/oculistadeluca.com\/wp-content\/uploads\/2018\/02\/sagoma-uomo-150x150.jpg\" class=\"attachment-thumbnail size-thumbnail wp-post-image\" alt=\"\" srcset=\"https:\/\/oculistadeluca.com\/wp-content\/uploads\/2018\/02\/sagoma-uomo-150x150.jpg 150w, https:\/\/oculistadeluca.com\/wp-content\/uploads\/2018\/02\/sagoma-uomo.jpg 250w\" sizes=\"(max-width: 150px) 100vw, 150px\" data-id=\"5637\" \/>\n\t\t\t<\/span>\n\t\t<\/span><\/div>\n\t\t\t<div class=\"themestek-box-author\"><div class=\"themestek-box-title\"><h3 class=\"themestek-author-name\">Marina Zola<\/h3><\/div><\/div>\t\t\n\t\t<\/div>\n\t<\/div>\n<\/article><\/div><div class=\"ts-box-col-wrapper col-lg-12 col-sm-12 col-md-12 col-xs-12 general others\"><article class=\"themestek-box themestek-box-testimonial ts-testimonialbox-style-1\">\n\t<div class=\"themestek-post-item\">\n\t\t<div class=\"themestek-box-content\">\n\t\t\t<div class=\"themestek-box-desc\"><blockquote class=\"themestek-testimonial-text\">Dottor De Luca ottimo specialista e grande professionalit\u00e0<\/blockquote><\/div>\n\t\t\t<div class=\"themestek-box-img\">\n\t\t<span class=\"themestek-item-thumbnail\">\n\t\t\t<span class=\"themestek-item-thumbnail-inner\">\n\t\t\t\t<img loading=\"lazy\" decoding=\"async\" width=\"150\" height=\"150\" src=\"https:\/\/oculistadeluca.com\/wp-content\/uploads\/2018\/02\/sagoma-uomo-150x150.jpg\" class=\"attachment-thumbnail size-thumbnail wp-post-image\" alt=\"\" srcset=\"https:\/\/oculistadeluca.com\/wp-content\/uploads\/2018\/02\/sagoma-uomo-150x150.jpg 150w, https:\/\/oculistadeluca.com\/wp-content\/uploads\/2018\/02\/sagoma-uomo.jpg 250w\" sizes=\"(max-width: 150px) 100vw, 150px\" data-id=\"5637\" \/>\n\t\t\t<\/span>\n\t\t<\/span><\/div>\n\t\t\t<div class=\"themestek-box-author\"><div class=\"themestek-box-title\"><h3 class=\"themestek-author-name\"><a href=\"#\" target=\"_blank\">Lucia Conte<\/a><\/h3><\/div><\/div>\t\t\n\t\t<\/div>\n\t<\/div>\n<\/article><\/div>\n\t\t\t<\/div>\n\t\t<\/div><!-- .themestek-boxes-inner -->   <\/div><!-- .themestek-boxes -->  [\/vc_column_inner][\/vc_row_inner][\/vc_column][\/vc_row][vc_row el_id=&#8221;conv&#8221;][vc_column]<div class=\"themestek-boxes themestek-boxes-client themestek-boxes-view-default themestek-boxes-col-three themestek-boxes-sortable-no themestek-boxes-textalign-center themestek-boxes-sortablebutton-\">\n\t\t<div class=\"themestek-boxes-inner themestek-boxes-client-inner \"><div class=\"themestek-box-heading-wrapper ts-element-align-center\"><div class=\"ts-element-heading-wrapper ts-heading-inner ts-element-align-center ts-seperator-none \"><section class=\"ts-vc_cta3-container\"><div class=\"ts-vc_general ts-vc_cta3 ts-cta3-only ts-vc_cta3-style-classic ts-vc_cta3-shape-rounded ts-vc_cta3-align-center ts-vc_cta3-color-transparent ts-vc_cta3-icon-size-md ts-vc_cta3-actions-no ts-cta3-without-desc\"><div class=\"ts-vc_cta3_content-container\"><div class=\"ts-vc_cta3-content\"><div class=\"ts-vc_cta3-content-header ts-wrap\"><div class=\"ts-vc_cta3-headers ts-wrap-cell\"><h2 class=\"ts-custom-heading \" >CONVENZIONI<\/p>\n<p>Il Dottor Antonio De Luca Opera nelle Prestigiose Cliniche Convenzionate della zona<\/h2>\n<h4 class=\"ts-custom-heading \" >POTRETE ESSERE OPERATI CON<br \/>\n\u2022 Sistema Sanitario Nazionale SSN<br \/>\n\u2022 Mutue<br \/>\n\u2022 Assicurazioni<\/h4>\n<\/div><\/div><\/div><\/div><\/div><\/section><\/div> <!-- .ts-element-heading-wrapper container --> <\/div> <!-- .ts-element-heading-wrapper container --> \n\t\t\t\n\t\t\t<div class=\"row multi-columns-row themestek-boxes-row-wrapper\">\n\t\t\t\t<div class=\"ts-box-col-wrapper col-lg-4 col-sm-6 col-md-4 col-xs-12 \"><div class=\"ts-client-logo-box-w\"><div class=\"ts-client-logo-tooltip\" data-tooltip=\"CLINICA FORNACA di Torino\"><a class=\"ts-client-logo-link\" href=\"https:\/\/www.clinicafornaca.it\/\"><div class=\"themestek-box themestek-box-client ts-clientbox-style-2 themestek-box-view-style2 themestek-client-box-view-style2 \">\n\t\n\t\t<span class=\"themestek-item-thumbnail\">\n\t\t\t<span class=\"themestek-item-thumbnail-inner\">\n\t\t\t\t<img loading=\"lazy\" decoding=\"async\" width=\"173\" height=\"129\" src=\"https:\/\/oculistadeluca.com\/wp-content\/uploads\/2021\/05\/sessant.jpg\" class=\"attachment-full size-full wp-post-image\" alt=\"\" \/>\n\t\t\t<\/span>\n\t\t<\/span>\t<\/div>\n<\/a><\/div><\/div><!-- .ts-client-logo-box-w --> <\/div><div class=\"ts-box-col-wrapper col-lg-4 col-sm-6 col-md-4 col-xs-12 \"><div class=\"ts-client-logo-box-w\"><div class=\"ts-client-logo-tooltip\" data-tooltip=\"CLINICA SAN LUIGI &#8211; Borgomanero\"><a class=\"ts-client-logo-link\" href=\"http:\/\/www.clinicasanluigi.it\/\"><div class=\"themestek-box themestek-box-client ts-clientbox-style-2 themestek-box-view-style2 themestek-client-box-view-style2 \">\n\t\n\t\t<span class=\"themestek-item-thumbnail\">\n\t\t\t<span class=\"themestek-item-thumbnail-inner\">\n\t\t\t\t<img loading=\"lazy\" decoding=\"async\" width=\"470\" height=\"206\" src=\"https:\/\/oculistadeluca.com\/wp-content\/uploads\/2021\/05\/clinica-s.-luigi.jpg\" class=\"attachment-full size-full wp-post-image\" alt=\"\" \/>\n\t\t\t<\/span>\n\t\t<\/span>\t<\/div>\n<\/a><\/div><\/div><!-- .ts-client-logo-box-w --> <\/div><div class=\"ts-box-col-wrapper col-lg-4 col-sm-6 col-md-4 col-xs-12 \"><div class=\"ts-client-logo-box-w\"><div class=\"ts-client-logo-tooltip\" data-tooltip=\"OSPEDALE MADONNA DEL POPOLO &#8211; COQ di Omegna\"><a class=\"ts-client-logo-link\" href=\"http:\/\/www.centrocoq.com\/\"><div class=\"themestek-box themestek-box-client ts-clientbox-style-2 themestek-box-view-style2 themestek-client-box-view-style2 \">\n\t\n\t\t<span class=\"themestek-item-thumbnail\">\n\t\t\t<span class=\"themestek-item-thumbnail-inner\">\n\t\t\t\t<img loading=\"lazy\" decoding=\"async\" width=\"324\" height=\"108\" src=\"https:\/\/oculistadeluca.com\/wp-content\/uploads\/2018\/04\/quadrante.jpg\" class=\"attachment-full size-full wp-post-image\" alt=\"\" \/>\n\t\t\t<\/span>\n\t\t<\/span>\t<\/div>\n<\/a><\/div><\/div><!-- .ts-client-logo-box-w --> <\/div>\n\t\t\t<\/div>\n\t\t<div class=\"clearfix\"><\/div><\/div><!-- .themestek-boxes-inner -->   <\/div><!-- .themestek-boxes -->  [\/vc_column][\/vc_row][vc_row el_id=&#8221;map&#8221;][vc_column][vc_empty_space][\/vc_column][\/vc_row][vc_row full_width=&#8221;stretch_row_content_no_spaces&#8221; css=&#8221;.vc_custom_1642773128962{margin-bottom: 0px !important;}&#8221; ts_responsive_css=&#8221;69857033|colbreak_no|0||0||||||colbreak_no|||||||||colbreak_no||||||||||colbreak_no|||||||||&#8221;][vc_column][vc_column_text css=&#8221;.vc_custom_1664371079343{margin-bottom: 0px !important;border-bottom-width: 0px !important;padding-bottom: 0px !important;}&#8221;]<iframe loading=\"lazy\" style=\"border: 0;\" src=\"https:\/\/www.google.com\/maps\/embed?pb=!1m18!1m12!1m3!1d2793.405207185303!2d8.05479681581186!3d45.5622894791022!2m3!1f0!2f0!3f0!3m2!1i1024!2i768!4f13.1!3m3!1m2!1s0x478620de2fe05551%3A0x1bd5c49cc1ef091a!2sVia%20Alfonso%20Lamarmora%2C%209%2C%2013900%20Biella%20BI!5e0!3m2!1sit!2sit!4v1642772340189!5m2!1sit!2sit\" width=\"100\u20ac\" height=\"500\" allowfullscreen=\"allowfullscreen\"><\/iframe>[\/vc_column_text][\/vc_column][\/vc_row][vc_row el_id=&#8221;contatti&#8221;][vc_column][vc_empty_space][\/vc_column][\/vc_row]<\/p>\n","protected":false},"excerpt":{"rendered":"<p>[vc_row ts_bgcolor=&#8221;grey&#8221; full_width=&#8221;stretch_row&#8221; css=&#8221;.vc_custom_1524308732616{padding-top: 0px !important;padding-bottom: 30px !important;}&#8221;][vc_column][vc_row_inner ts_bgcolor=&#8221;white&#8221; equal_height=&#8221;yes&#8221; el_class=&#8221;box-shadow-2 ts-no-gutter ts-box-seprator&#8221; css=&#8221;.vc_custom_1638889848445{margin-top: -58px !important;}&#8221; ts_responsive_css=&#8221;17234251|colbreak_no|||||||||colbreak_no|||||||||colbreak_no|0|||||||||colbreak_no|||||||||&#8221; el_id=&#8221;visita&#8221;][vc_column_inner width=&#8221;1\/4&#8243;][\/vc_column_inner][vc_column_inner width=&#8221;1\/4&#8243;][\/vc_column_inner][vc_column_inner width=&#8221;1\/4&#8243;][\/vc_column_inner][vc_column_inner width=&#8221;1\/4&#8243;][\/vc_column_inner][\/vc_row_inner][\/vc_column][\/vc_row][vc_row ts_bgcolor=&#8221;grey&#8221; full_width=&#8221;stretch_row&#8221; css=&#8221;.vc_custom_1526988745660{padding-top: 25px !important;padding-bottom: 0px !important;}&#8221; ts_responsive_css=&#8221;97835313|colbreak_no|||||||||colbreak_no|||||||||colbreak_no||||||||||colbreak_no|||||||||&#8221;][vc_column width=&#8221;1\/2&#8243;][vc_single_image image=&#8221;5486&#8243; img_size=&#8221;full&#8221; css=&#8221;.vc_custom_1621603340720{margin-bottom: 0px !important;}&#8221;][\/vc_column][vc_column width=&#8221;1\/2&#8243; css=&#8221;.vc_custom_1527068636634{padding-top: 75px !important;}&#8221; ts_responsive_css=&#8221;30016854|colbreak_no|||||||||colbreak_no|||||||||colbreak_no|||30|||||||colbreak_no|||||||||&#8221;][vc_column_text]Il tuo oculista di fiducia a Biella Il Dottor\u00a0 Antonio De Luca \u00e8 un noto &hellip; <a href=\"https:\/\/oculistadeluca.com\/?ts-client=client-6\" class=\"more-link\">Continue reading <span class=\"screen-reader-text\">OSPEDALE MADONNA DEL POPOLO &#8211; COQ di Omegna<\/span><\/a><\/p>\n","protected":false},"author":1,"featured_media":0,"parent":0,"menu_order":1,"comment_status":"closed","ping_status":"closed","template":"","meta":{"footnotes":""},"class_list":["post-5262","page","type-page","status-publish","hentry"],"_links":{"self":[{"href":"https:\/\/oculistadeluca.com\/index.php?rest_route=\/wp\/v2\/pages\/5262"}],"collection":[{"href":"https:\/\/oculistadeluca.com\/index.php?rest_route=\/wp\/v2\/pages"}],"about":[{"href":"https:\/\/oculistadeluca.com\/index.php?rest_route=\/wp\/v2\/types\/page"}],"author":[{"embeddable":true,"href":"https:\/\/oculistadeluca.com\/index.php?rest_route=\/wp\/v2\/users\/1"}],"replies":[{"embeddable":true,"href":"https:\/\/oculistadeluca.com\/index.php?rest_route=%2Fwp%2Fv2%2Fcomments&post=5262"}],"version-history":[{"count":120,"href":"https:\/\/oculistadeluca.com\/index.php?rest_route=\/wp\/v2\/pages\/5262\/revisions"}],"predecessor-version":[{"id":5654,"href":"https:\/\/oculistadeluca.com\/index.php?rest_route=\/wp\/v2\/pages\/5262\/revisions\/5654"}],"wp:attachment":[{"href":"https:\/\/oculistadeluca.com\/index.php?rest_route=%2Fwp%2Fv2%2Fmedia&parent=5262"}],"curies":[{"name":"wp","href":"https:\/\/api.w.org\/{rel}","templated":true}]}}